{"id":1131,"date":"2022-01-06T11:19:31","date_gmt":"2022-01-06T11:19:31","guid":{"rendered":"https:\/\/suapoderado.com\/?page_id=1131"},"modified":"2025-02-10T02:56:41","modified_gmt":"2025-02-10T02:56:41","slug":"abogados","status":"publish","type":"page","link":"https:\/\/suapoderado.com\/index.php\/abogados\/","title":{"rendered":"Abogados"},"content":{"rendered":"\n<!DOCTYPE html>\n<html lang=\"es\">\n<head>\n    <meta charset=\"UTF-8\">\n    <meta name=\"viewport\" content=\"width=device-width, initial-scale=1.0\">\n    <title>Equipo Legal &#8211; Su\u00e1rez &#038; Asociados<\/title>\n    <style>\n        \/* Aislamos los estilos dentro de un contenedor espec\u00edfico *\/\n        #equipo-legal, #equipo-legal * {\n            margin: 0;\n            padding: 0;\n            box-sizing: border-box;\n            font-family: 'Segoe UI', sans-serif;\n        }\n\n        \/* Fondo y estructura general *\/\n        #equipo-legal {\n            background-color: #f8f9fa;\n            padding: 40px 20px;\n        }\n\n        \/* Contenedor principal *\/\n        #equipo-legal .team-container {\n            max-width: 1200px;\n            margin: 0 auto;\n            padding: 20px;\n        }\n\n        \/* T\u00edtulo de la secci\u00f3n *\/\n        #equipo-legal .section-title {\n            text-align: center;\n            color: #2c3e50;\n            font-size: 2.5em;\n            margin-bottom: 50px;\n            text-transform: uppercase;\n            letter-spacing: 2px;\n        }\n\n        \/* Tarjetas de abogados *\/\n        #equipo-legal .attorney-card {\n            background: white;\n            border-radius: 10px;\n            box-shadow: 0 5px 15px rgba(0,0,0,0.1);\n            margin-bottom: 30px;\n            display: flex;\n            transition: transform 0.3s ease;\n            overflow: hidden;\n        }\n\n        #equipo-legal .attorney-card:hover {\n            transform: translateY(-5px);\n        }\n\n        \/* Foto de los abogados *\/\n        #equipo-legal .photo-container {\n            width: 300px;\n            height: 350px;\n            flex-shrink: 0;\n        }\n\n        #equipo-legal .attorney-photo {\n            width: 100%;\n            height: 100%;\n            object-fit: cover;\n            border-right: 3px solid #2c3e50;\n        }\n\n        \/* Informaci\u00f3n del abogado *\/\n        #equipo-legal .attorney-info {\n            padding: 30px;\n            display: flex;\n            flex-direction: column;\n            justify-content: center;\n            width: calc(100% - 300px);\n        }\n\n        #equipo-legal .attorney-name {\n            color: #2c3e50;\n            font-size: 1.8em;\n            margin-bottom: 15px;\n        }\n\n        #equipo-legal .attorney-detail {\n            display: flex;\n            align-items: center;\n            margin-bottom: 12px;\n            color: #34495e;\n        }\n\n        #equipo-legal .detail-icon {\n            font-size: 1.1em;\n            margin-right: 12px;\n            min-width: 25px;\n            text-align: center;\n        }\n\n        #equipo-legal .specialization {\n            background: #2c3e50;\n            color: white;\n            padding: 5px 15px;\n            border-radius: 20px;\n            display: inline-block;\n            margin: 10px 0;\n            font-size: 0.9em;\n        }\n\n        #equipo-legal .bio {\n            line-height: 1.6;\n            margin: 15px 0;\n            color: #7f8c8d;\n        }\n\n        \/* Responsive - Dise\u00f1o adaptable *\/\n        @media (max-width: 768px) {\n            #equipo-legal .attorney-card {\n                flex-direction: column;\n            }\n\n            #equipo-legal .photo-container {\n                width: 100%;\n                height: 400px;\n            }\n\n            #equipo-legal .attorney-photo {\n                border-right: none;\n                border-bottom: 3px solid #2c3e50;\n            }\n\n            #equipo-legal .attorney-info {\n                width: 100%;\n            }\n        }\n    <\/style>\n<\/head>\n<body>\n\n    <!-- Secci\u00f3n del equipo legal -->\n    <div id=\"equipo-legal\">\n        <div class=\"team-container\">\n            <h2 class=\"section-title\">Nuestro Equipo Legal<\/h2>\n            \n            <!-- Abogado 1 -->\n            <article class=\"attorney-card\">\n                <div class=\"photo-container\">\n                    <img decoding=\"async\" src=\"http:\/\/www.suapoderado.com\/wp-content\/uploads\/2025\/02\/202502021741_portada-1-e1738537394739.jpeg\" \n                        alt=\"Dra. Mar\u00eda Alejandra Ferrer\" \n                        class=\"attorney-photo\">\n                <\/div>\n                <div class=\"attorney-info\">\n                    <h3 class=\"attorney-name\">Dra. Mar\u00eda Alejandra Ferrer<\/h3>\n                    <span class=\"specialization\">Derecho Laboral<\/span>\n                    <div class=\"attorney-detail\">\n                        <span class=\"detail-icon\">\ud83d\udce7<\/span>\n                        <a href=\"mailto:mferrerhernandez@suapoderado.com\">mferrerhernandez@suapoderado.com<\/a>\n                    <\/div>\n                    <div class=\"attorney-detail\">\n                        <span class=\"detail-icon\">\ud83d\udcf1<\/span>\n                        <a href=\"tel:+57241884582\">+57 324 188 45 82<\/a>\n                    <\/div>\n                    <div class=\"attorney-detail\">\n                        <span class=\"detail-icon\">\ud83c\udf93<\/span>\n                        <span>Universidad del Atl\u00e1ntico &#8211; Especialista y Maestr\u00eda en Derecho Laboral<\/span>\n                    <\/div>\n                    <p class=\"bio\">Con m\u00e1s de 10 a\u00f1os de experiencia en derecho laboral y derecho corporativo y fusiones empresariales.<\/p>\n                <\/div>\n            <\/article>\n\n            <!-- Abogado 2 -->\n            <article class=\"attorney-card\">\n                <div class=\"photo-container\">\n                    <img decoding=\"async\" src=\"https:\/\/ejemplo.com\/foto-abogado2.jpg\" \n                        alt=\"Dra. Irina Amelia Sierra\" \n                        class=\"attorney-photo\">\n                <\/div>\n                <div class=\"attorney-info\">\n                    <h3 class=\"attorney-name\">Dra. Irina Amelia Sierra<\/h3>\n                    <span class=\"specialization\">Derecho Civil<\/span>\n                    <div class=\"attorney-detail\">\n                        <span class=\"detail-icon\">\ud83d\udce7<\/span>\n                        <a href=\"mailto:Irinasierra@suapoderado.com\">Irinasierra@suapoderado.com<\/a>\n                    <\/div>\n                    <div class=\"attorney-detail\">\n                        <span class=\"detail-icon\">\ud83d\udcde<\/span>\n                        <a href=\"tel:+57\">+57 324 188 45 82<\/a>\n                    <\/div>\n                    <div class=\"attorney-detail\">\n                        <span class=\"detail-icon\">\ud83c\udf93<\/span>\n                        <span>Universidad del Atl\u00e1ntico &#8211; Especialidad en Derecho Civil<\/span>\n                    <\/div>\n                    <p class=\"bio\">Con m\u00e1s de 10 a\u00f1os de experiencia en derecho laboral y derecho corporativo y fusiones empresariales.<\/p>\n                <\/div>\n            <\/article>\n        <\/div>\n    <\/div>\n\n<\/body>\n<\/html>\n\n\n\n\n<p><\/p>\n","protected":false},"excerpt":{"rendered":"<p>Equipo Legal &#8211; Su\u00e1rez &#038; Asociados Nuestro Equipo Legal Dra. Mar\u00eda Alejandra Ferrer Derecho Laboral \ud83d\udce7 mferrerhernandez@suapoderado.com \ud83d\udcf1 +57 324 188 45 82 \ud83c\udf93 Universidad del Atl\u00e1ntico &#8211; Especialista y Maestr\u00eda en Derecho Laboral Con m\u00e1s de 10 a\u00f1os de experiencia en derecho laboral y derecho corporativo y fusiones empresariales. Dra. Irina Amelia Sierra Derecho&#8230;<\/p>\n","protected":false},"author":1,"featured_media":0,"parent":0,"menu_order":0,"comment_status":"closed","ping_status":"closed","template":"","meta":{"_kadence_starter_templates_imported_post":false,"_kad_post_transparent":"","_kad_post_title":"","_kad_post_layout":"","_kad_post_sidebar_id":"","_kad_post_content_style":"","_kad_post_vertical_padding":"","_kad_post_feature":"","_kad_post_feature_position":"","_kad_post_header":false,"_kad_post_footer":false,"footnotes":""},"class_list":["post-1131","page","type-page","status-publish","hentry"],"yoast_head":"<!-- This site is optimized with the Yoast SEO plugin v24.6 - https:\/\/yoast.com\/wordpress\/plugins\/seo\/ -->\n<title>Abogados - Suapoderado<\/title>\n<meta name=\"robots\" content=\"index, follow, max-snippet:-1, max-image-preview:large, max-video-preview:-1\" \/>\n<link rel=\"canonical\" href=\"https:\/\/suapoderado.com\/index.php\/abogados\/\" \/>\n<meta property=\"og:locale\" content=\"es_ES\" \/>\n<meta property=\"og:type\" content=\"article\" \/>\n<meta property=\"og:title\" content=\"Abogados - Suapoderado\" \/>\n<meta property=\"og:description\" content=\"Equipo Legal &#8211; Su\u00e1rez &#038; Asociados Nuestro Equipo Legal Dra. Mar\u00eda Alejandra Ferrer Derecho Laboral \ud83d\udce7 mferrerhernandez@suapoderado.com \ud83d\udcf1 +57 324 188 45 82 \ud83c\udf93 Universidad del Atl\u00e1ntico &#8211; Especialista y Maestr\u00eda en Derecho Laboral Con m\u00e1s de 10 a\u00f1os de experiencia en derecho laboral y derecho corporativo y fusiones empresariales. Dra. Irina Amelia Sierra Derecho...\" \/>\n<meta property=\"og:url\" content=\"https:\/\/suapoderado.com\/index.php\/abogados\/\" \/>\n<meta property=\"og:site_name\" content=\"Suapoderado\" \/>\n<meta property=\"article:modified_time\" content=\"2025-02-10T02:56:41+00:00\" \/>\n<meta property=\"og:image\" content=\"http:\/\/www.suapoderado.com\/wp-content\/uploads\/2025\/02\/202502021741_portada-1-e1738537394739.jpeg\" \/>\n<meta name=\"twitter:card\" content=\"summary_large_image\" \/>\n<meta name=\"twitter:label1\" content=\"Tiempo de lectura\" \/>\n\t<meta name=\"twitter:data1\" content=\"1 minuto\" \/>\n<script type=\"application\/ld+json\" class=\"yoast-schema-graph\">{\"@context\":\"https:\/\/schema.org\",\"@graph\":[{\"@type\":\"WebPage\",\"@id\":\"https:\/\/suapoderado.com\/index.php\/abogados\/\",\"url\":\"https:\/\/suapoderado.com\/index.php\/abogados\/\",\"name\":\"Abogados - Suapoderado\",\"isPartOf\":{\"@id\":\"https:\/\/suapoderado.com\/#website\"},\"primaryImageOfPage\":{\"@id\":\"https:\/\/suapoderado.com\/index.php\/abogados\/#primaryimage\"},\"image\":{\"@id\":\"https:\/\/suapoderado.com\/index.php\/abogados\/#primaryimage\"},\"thumbnailUrl\":\"http:\/\/www.suapoderado.com\/wp-content\/uploads\/2025\/02\/202502021741_portada-1-e1738537394739.jpeg\",\"datePublished\":\"2022-01-06T11:19:31+00:00\",\"dateModified\":\"2025-02-10T02:56:41+00:00\",\"breadcrumb\":{\"@id\":\"https:\/\/suapoderado.com\/index.php\/abogados\/#breadcrumb\"},\"inLanguage\":\"es-CO\",\"potentialAction\":[{\"@type\":\"ReadAction\",\"target\":[\"https:\/\/suapoderado.com\/index.php\/abogados\/\"]}]},{\"@type\":\"ImageObject\",\"inLanguage\":\"es-CO\",\"@id\":\"https:\/\/suapoderado.com\/index.php\/abogados\/#primaryimage\",\"url\":\"http:\/\/www.suapoderado.com\/wp-content\/uploads\/2025\/02\/202502021741_portada-1-e1738537394739.jpeg\",\"contentUrl\":\"http:\/\/www.suapoderado.com\/wp-content\/uploads\/2025\/02\/202502021741_portada-1-e1738537394739.jpeg\"},{\"@type\":\"BreadcrumbList\",\"@id\":\"https:\/\/suapoderado.com\/index.php\/abogados\/#breadcrumb\",\"itemListElement\":[{\"@type\":\"ListItem\",\"position\":1,\"name\":\"Inicio\",\"item\":\"https:\/\/suapoderado.com\/\"},{\"@type\":\"ListItem\",\"position\":2,\"name\":\"Abogados\"}]},{\"@type\":\"WebSite\",\"@id\":\"https:\/\/suapoderado.com\/#website\",\"url\":\"https:\/\/suapoderado.com\/\",\"name\":\"Suapoderado\",\"description\":\"Ferrer &amp; Hern\u00e1ndez Abogados\",\"publisher\":{\"@id\":\"https:\/\/suapoderado.com\/#organization\"},\"potentialAction\":[{\"@type\":\"SearchAction\",\"target\":{\"@type\":\"EntryPoint\",\"urlTemplate\":\"https:\/\/suapoderado.com\/?s={search_term_string}\"},\"query-input\":{\"@type\":\"PropertyValueSpecification\",\"valueRequired\":true,\"valueName\":\"search_term_string\"}}],\"inLanguage\":\"es-CO\"},{\"@type\":\"Organization\",\"@id\":\"https:\/\/suapoderado.com\/#organization\",\"name\":\"Suapoderado\",\"alternateName\":\"Ferrer & Hernandez Abogados\",\"url\":\"https:\/\/suapoderado.com\/\",\"logo\":{\"@type\":\"ImageObject\",\"inLanguage\":\"es-CO\",\"@id\":\"https:\/\/suapoderado.com\/#\/schema\/logo\/image\/\",\"url\":\"http:\/\/www.suapoderado.com\/wp-content\/uploads\/2025\/02\/favicon_suapoderado_final_48x48.png\",\"contentUrl\":\"http:\/\/www.suapoderado.com\/wp-content\/uploads\/2025\/02\/favicon_suapoderado_final_48x48.png\",\"width\":48,\"height\":48,\"caption\":\"Suapoderado\"},\"image\":{\"@id\":\"https:\/\/suapoderado.com\/#\/schema\/logo\/image\/\"}}]}<\/script>\n<!-- \/ Yoast SEO plugin. -->","yoast_head_json":{"title":"Abogados - Suapoderado","robots":{"index":"index","follow":"follow","max-snippet":"max-snippet:-1","max-image-preview":"max-image-preview:large","max-video-preview":"max-video-preview:-1"},"canonical":"https:\/\/suapoderado.com\/index.php\/abogados\/","og_locale":"es_ES","og_type":"article","og_title":"Abogados - Suapoderado","og_description":"Equipo Legal &#8211; Su\u00e1rez &#038; Asociados Nuestro Equipo Legal Dra. Mar\u00eda Alejandra Ferrer Derecho Laboral \ud83d\udce7 mferrerhernandez@suapoderado.com \ud83d\udcf1 +57 324 188 45 82 \ud83c\udf93 Universidad del Atl\u00e1ntico &#8211; Especialista y Maestr\u00eda en Derecho Laboral Con m\u00e1s de 10 a\u00f1os de experiencia en derecho laboral y derecho corporativo y fusiones empresariales. Dra. Irina Amelia Sierra Derecho...","og_url":"https:\/\/suapoderado.com\/index.php\/abogados\/","og_site_name":"Suapoderado","article_modified_time":"2025-02-10T02:56:41+00:00","og_image":[{"url":"http:\/\/www.suapoderado.com\/wp-content\/uploads\/2025\/02\/202502021741_portada-1-e1738537394739.jpeg","type":"","width":"","height":""}],"twitter_card":"summary_large_image","twitter_misc":{"Tiempo de lectura":"1 minuto"},"schema":{"@context":"https:\/\/schema.org","@graph":[{"@type":"WebPage","@id":"https:\/\/suapoderado.com\/index.php\/abogados\/","url":"https:\/\/suapoderado.com\/index.php\/abogados\/","name":"Abogados - Suapoderado","isPartOf":{"@id":"https:\/\/suapoderado.com\/#website"},"primaryImageOfPage":{"@id":"https:\/\/suapoderado.com\/index.php\/abogados\/#primaryimage"},"image":{"@id":"https:\/\/suapoderado.com\/index.php\/abogados\/#primaryimage"},"thumbnailUrl":"http:\/\/www.suapoderado.com\/wp-content\/uploads\/2025\/02\/202502021741_portada-1-e1738537394739.jpeg","datePublished":"2022-01-06T11:19:31+00:00","dateModified":"2025-02-10T02:56:41+00:00","breadcrumb":{"@id":"https:\/\/suapoderado.com\/index.php\/abogados\/#breadcrumb"},"inLanguage":"es-CO","potentialAction":[{"@type":"ReadAction","target":["https:\/\/suapoderado.com\/index.php\/abogados\/"]}]},{"@type":"ImageObject","inLanguage":"es-CO","@id":"https:\/\/suapoderado.com\/index.php\/abogados\/#primaryimage","url":"http:\/\/www.suapoderado.com\/wp-content\/uploads\/2025\/02\/202502021741_portada-1-e1738537394739.jpeg","contentUrl":"http:\/\/www.suapoderado.com\/wp-content\/uploads\/2025\/02\/202502021741_portada-1-e1738537394739.jpeg"},{"@type":"BreadcrumbList","@id":"https:\/\/suapoderado.com\/index.php\/abogados\/#breadcrumb","itemListElement":[{"@type":"ListItem","position":1,"name":"Inicio","item":"https:\/\/suapoderado.com\/"},{"@type":"ListItem","position":2,"name":"Abogados"}]},{"@type":"WebSite","@id":"https:\/\/suapoderado.com\/#website","url":"https:\/\/suapoderado.com\/","name":"Suapoderado","description":"Ferrer &amp; Hern\u00e1ndez Abogados","publisher":{"@id":"https:\/\/suapoderado.com\/#organization"},"potentialAction":[{"@type":"SearchAction","target":{"@type":"EntryPoint","urlTemplate":"https:\/\/suapoderado.com\/?s={search_term_string}"},"query-input":{"@type":"PropertyValueSpecification","valueRequired":true,"valueName":"search_term_string"}}],"inLanguage":"es-CO"},{"@type":"Organization","@id":"https:\/\/suapoderado.com\/#organization","name":"Suapoderado","alternateName":"Ferrer & Hernandez Abogados","url":"https:\/\/suapoderado.com\/","logo":{"@type":"ImageObject","inLanguage":"es-CO","@id":"https:\/\/suapoderado.com\/#\/schema\/logo\/image\/","url":"http:\/\/www.suapoderado.com\/wp-content\/uploads\/2025\/02\/favicon_suapoderado_final_48x48.png","contentUrl":"http:\/\/www.suapoderado.com\/wp-content\/uploads\/2025\/02\/favicon_suapoderado_final_48x48.png","width":48,"height":48,"caption":"Suapoderado"},"image":{"@id":"https:\/\/suapoderado.com\/#\/schema\/logo\/image\/"}}]}},"_links":{"self":[{"href":"https:\/\/suapoderado.com\/index.php\/wp-json\/wp\/v2\/pages\/1131","targetHints":{"allow":["GET"]}}],"collection":[{"href":"https:\/\/suapoderado.com\/index.php\/wp-json\/wp\/v2\/pages"}],"about":[{"href":"https:\/\/suapoderado.com\/index.php\/wp-json\/wp\/v2\/types\/page"}],"author":[{"embeddable":true,"href":"https:\/\/suapoderado.com\/index.php\/wp-json\/wp\/v2\/users\/1"}],"replies":[{"embeddable":true,"href":"https:\/\/suapoderado.com\/index.php\/wp-json\/wp\/v2\/comments?post=1131"}],"version-history":[{"count":16,"href":"https:\/\/suapoderado.com\/index.php\/wp-json\/wp\/v2\/pages\/1131\/revisions"}],"predecessor-version":[{"id":3510,"href":"https:\/\/suapoderado.com\/index.php\/wp-json\/wp\/v2\/pages\/1131\/revisions\/3510"}],"wp:attachment":[{"href":"https:\/\/suapoderado.com\/index.php\/wp-json\/wp\/v2\/media?parent=1131"}],"curies":[{"name":"wp","href":"https:\/\/api.w.org\/{rel}","templated":true}]}}