{"id":1234,"date":"2022-01-07T00:00:45","date_gmt":"2022-01-07T00:00:45","guid":{"rendered":"https:\/\/suapoderado.com\/?page_id=1234"},"modified":"2025-02-16T04:44:11","modified_gmt":"2025-02-16T04:44:11","slug":"derecho-colectivo","status":"publish","type":"page","link":"https:\/\/suapoderado.com\/index.php\/derecho-colectivo\/","title":{"rendered":"Derecho Colectivo"},"content":{"rendered":"\n<!DOCTYPE html>\n<html lang=\"es\">\n<head>\n  <meta charset=\"UTF-8\">\n  <meta name=\"viewport\" content=\"width=device-width, initial-scale=1\">\n  <title>Derecho Colectivo en Colombia &#8211; SuApoderado<\/title>\n  <style>\n    body {\n      margin: 0;\n      padding: 0;\n      font-family: Arial, sans-serif;\n      background: #f4f4f4;\n    }\n    .container {\n      max-width: 1200px;\n      margin: 40px auto;\n      padding: 30px;\n      background: linear-gradient(135deg, #2980b9, #3498db);\n      border: 2px solid #e67e22;\n      border-radius: 15px;\n      box-shadow: 0 8px 20px rgba(0,0,0,0.15);\n      color: #fff;\n      text-align: center;\n    }\n    .container img {\n      width: 50%; \/* Imagen reducida al 50% del contenedor *\/\n      height: auto;\n      display: block;\n      margin: 0 auto 20px auto;\n      border-radius: 10px;\n    }\n    h1 {\n      margin-bottom: 20px;\n    }\n    p {\n      font-size: 18px;\n      line-height: 1.6;\n      text-align: justify;\n      margin-bottom: 20px;\n    }\n    .cta-button {\n      display: inline-block;\n      padding: 15px 30px;\n      background: #e67e22;\n      color: #fff;\n      text-decoration: none;\n      border-radius: 5px;\n      font-size: 18px;\n      font-weight: bold;\n      transition: background 0.3s ease;\n    }\n    .cta-button:hover {\n      background: #cf5f1a;\n    }\n    .button-group {\n      display: flex;\n      justify-content: center;\n      gap: 20px;\n      margin-top: 20px;\n    }\n    @media screen and (max-width: 768px) {\n      .container {\n        padding: 20px;\n      }\n      p {\n        font-size: 16px;\n      }\n      .cta-button {\n        font-size: 16px;\n        padding: 12px 25px;\n      }\n      .button-group {\n        flex-direction: column;\n        gap: 10px;\n      }\n    }\n  <\/style>\n<\/head>\n<body>\n  <div class=\"container\">\n    <img decoding=\"async\" src=\"https:\/\/suapoderado.com\/wp-content\/uploads\/2025\/02\/DALL\u00b7E-2025-02-15-23.37.39-A-corporate-vector-style-illustration-symbolizing-unity-and-collective-rights-featuring-multiple-raised-fists-in-various-sizes-and-positions-to-repre.webp\" alt=\"Imagen Derecho Colectivo\">\n    <h1>Derecho Colectivo en Colombia<\/h1>\n    <p>\n      El derecho colectivo es una rama del derecho que regula las relaciones entre el Estado, las empresas y los grupos colectivos, como sindicatos y organizaciones de trabajadores. Su prop\u00f3sito es proteger y promover los derechos e intereses de la colectividad, garantizando la participaci\u00f3n y la negociaci\u00f3n en el \u00e1mbito laboral, econ\u00f3mico y social. En Colombia, esta disciplina es esencial para lograr un equilibrio justo entre empleadores y trabajadores, fomentando la justicia social y el bienestar com\u00fan.\n    <\/p>\n    <p>\n      Con el respaldo de <strong>SuApoderado<\/strong>, obt\u00e9n asesor\u00eda jur\u00eddica especializada en derecho colectivo, dise\u00f1ada para proteger tus derechos y los de tu grupo. Nuestro equipo de expertos brinda soluciones efectivas y personalizadas, asegurando el cumplimiento de tus derechos en cada etapa.\n    <\/p>\n    <div class=\"button-group\">\n      <a href=\"https:\/\/suapoderado.com\/index.php\/contactanos\/\" class=\"cta-button\">Cont\u00e1ctanos<\/a>\n    <\/div>\n  <\/div>\n<\/body>\n<\/html>\n\n","protected":false},"excerpt":{"rendered":"<p>Derecho Colectivo en Colombia &#8211; SuApoderado Derecho Colectivo en Colombia El derecho colectivo es una rama del derecho que regula las relaciones entre el Estado, las empresas y los grupos colectivos, como sindicatos y organizaciones de trabajadores. Su prop\u00f3sito es proteger y promover los derechos e intereses de la colectividad, garantizando la participaci\u00f3n y la&#8230;<\/p>\n","protected":false},"author":1,"featured_media":0,"parent":0,"menu_order":0,"comment_status":"closed","ping_status":"closed","template":"","meta":{"_kadence_starter_templates_imported_post":false,"_kad_post_transparent":"","_kad_post_title":"","_kad_post_layout":"","_kad_post_sidebar_id":"","_kad_post_content_style":"","_kad_post_vertical_padding":"","_kad_post_feature":"","_kad_post_feature_position":"","_kad_post_header":false,"_kad_post_footer":false,"footnotes":""},"class_list":["post-1234","page","type-page","status-publish","hentry"],"yoast_head":"<!-- This site is optimized with the Yoast SEO plugin v24.6 - https:\/\/yoast.com\/wordpress\/plugins\/seo\/ -->\n<title>Derecho Colectivo - Suapoderado<\/title>\n<meta name=\"robots\" content=\"index, follow, max-snippet:-1, max-image-preview:large, max-video-preview:-1\" \/>\n<link rel=\"canonical\" href=\"https:\/\/suapoderado.com\/index.php\/derecho-colectivo\/\" \/>\n<meta property=\"og:locale\" content=\"es_ES\" \/>\n<meta property=\"og:type\" content=\"article\" \/>\n<meta property=\"og:title\" content=\"Derecho Colectivo - Suapoderado\" \/>\n<meta property=\"og:description\" content=\"Derecho Colectivo en Colombia &#8211; SuApoderado Derecho Colectivo en Colombia El derecho colectivo es una rama del derecho que regula las relaciones entre el Estado, las empresas y los grupos colectivos, como sindicatos y organizaciones de trabajadores. Su prop\u00f3sito es proteger y promover los derechos e intereses de la colectividad, garantizando la participaci\u00f3n y la...\" \/>\n<meta property=\"og:url\" content=\"https:\/\/suapoderado.com\/index.php\/derecho-colectivo\/\" \/>\n<meta property=\"og:site_name\" content=\"Suapoderado\" \/>\n<meta property=\"article:modified_time\" content=\"2025-02-16T04:44:11+00:00\" \/>\n<meta name=\"twitter:card\" content=\"summary_large_image\" \/>\n<meta name=\"twitter:label1\" content=\"Tiempo de lectura\" \/>\n\t<meta name=\"twitter:data1\" content=\"1 minuto\" \/>\n<script type=\"application\/ld+json\" class=\"yoast-schema-graph\">{\"@context\":\"https:\/\/schema.org\",\"@graph\":[{\"@type\":\"WebPage\",\"@id\":\"https:\/\/suapoderado.com\/index.php\/derecho-colectivo\/\",\"url\":\"https:\/\/suapoderado.com\/index.php\/derecho-colectivo\/\",\"name\":\"Derecho Colectivo - Suapoderado\",\"isPartOf\":{\"@id\":\"https:\/\/suapoderado.com\/#website\"},\"datePublished\":\"2022-01-07T00:00:45+00:00\",\"dateModified\":\"2025-02-16T04:44:11+00:00\",\"breadcrumb\":{\"@id\":\"https:\/\/suapoderado.com\/index.php\/derecho-colectivo\/#breadcrumb\"},\"inLanguage\":\"es-CO\",\"potentialAction\":[{\"@type\":\"ReadAction\",\"target\":[\"https:\/\/suapoderado.com\/index.php\/derecho-colectivo\/\"]}]},{\"@type\":\"BreadcrumbList\",\"@id\":\"https:\/\/suapoderado.com\/index.php\/derecho-colectivo\/#breadcrumb\",\"itemListElement\":[{\"@type\":\"ListItem\",\"position\":1,\"name\":\"Inicio\",\"item\":\"https:\/\/suapoderado.com\/\"},{\"@type\":\"ListItem\",\"position\":2,\"name\":\"Derecho Colectivo\"}]},{\"@type\":\"WebSite\",\"@id\":\"https:\/\/suapoderado.com\/#website\",\"url\":\"https:\/\/suapoderado.com\/\",\"name\":\"Suapoderado\",\"description\":\"Ferrer &amp; Hern\u00e1ndez Abogados\",\"publisher\":{\"@id\":\"https:\/\/suapoderado.com\/#organization\"},\"potentialAction\":[{\"@type\":\"SearchAction\",\"target\":{\"@type\":\"EntryPoint\",\"urlTemplate\":\"https:\/\/suapoderado.com\/?s={search_term_string}\"},\"query-input\":{\"@type\":\"PropertyValueSpecification\",\"valueRequired\":true,\"valueName\":\"search_term_string\"}}],\"inLanguage\":\"es-CO\"},{\"@type\":\"Organization\",\"@id\":\"https:\/\/suapoderado.com\/#organization\",\"name\":\"Suapoderado\",\"alternateName\":\"Ferrer & Hernandez Abogados\",\"url\":\"https:\/\/suapoderado.com\/\",\"logo\":{\"@type\":\"ImageObject\",\"inLanguage\":\"es-CO\",\"@id\":\"https:\/\/suapoderado.com\/#\/schema\/logo\/image\/\",\"url\":\"http:\/\/www.suapoderado.com\/wp-content\/uploads\/2025\/02\/favicon_suapoderado_final_48x48.png\",\"contentUrl\":\"http:\/\/www.suapoderado.com\/wp-content\/uploads\/2025\/02\/favicon_suapoderado_final_48x48.png\",\"width\":48,\"height\":48,\"caption\":\"Suapoderado\"},\"image\":{\"@id\":\"https:\/\/suapoderado.com\/#\/schema\/logo\/image\/\"}}]}<\/script>\n<!-- \/ Yoast SEO plugin. -->","yoast_head_json":{"title":"Derecho Colectivo - Suapoderado","robots":{"index":"index","follow":"follow","max-snippet":"max-snippet:-1","max-image-preview":"max-image-preview:large","max-video-preview":"max-video-preview:-1"},"canonical":"https:\/\/suapoderado.com\/index.php\/derecho-colectivo\/","og_locale":"es_ES","og_type":"article","og_title":"Derecho Colectivo - Suapoderado","og_description":"Derecho Colectivo en Colombia &#8211; SuApoderado Derecho Colectivo en Colombia El derecho colectivo es una rama del derecho que regula las relaciones entre el Estado, las empresas y los grupos colectivos, como sindicatos y organizaciones de trabajadores. Su prop\u00f3sito es proteger y promover los derechos e intereses de la colectividad, garantizando la participaci\u00f3n y la...","og_url":"https:\/\/suapoderado.com\/index.php\/derecho-colectivo\/","og_site_name":"Suapoderado","article_modified_time":"2025-02-16T04:44:11+00:00","twitter_card":"summary_large_image","twitter_misc":{"Tiempo de lectura":"1 minuto"},"schema":{"@context":"https:\/\/schema.org","@graph":[{"@type":"WebPage","@id":"https:\/\/suapoderado.com\/index.php\/derecho-colectivo\/","url":"https:\/\/suapoderado.com\/index.php\/derecho-colectivo\/","name":"Derecho Colectivo - Suapoderado","isPartOf":{"@id":"https:\/\/suapoderado.com\/#website"},"datePublished":"2022-01-07T00:00:45+00:00","dateModified":"2025-02-16T04:44:11+00:00","breadcrumb":{"@id":"https:\/\/suapoderado.com\/index.php\/derecho-colectivo\/#breadcrumb"},"inLanguage":"es-CO","potentialAction":[{"@type":"ReadAction","target":["https:\/\/suapoderado.com\/index.php\/derecho-colectivo\/"]}]},{"@type":"BreadcrumbList","@id":"https:\/\/suapoderado.com\/index.php\/derecho-colectivo\/#breadcrumb","itemListElement":[{"@type":"ListItem","position":1,"name":"Inicio","item":"https:\/\/suapoderado.com\/"},{"@type":"ListItem","position":2,"name":"Derecho Colectivo"}]},{"@type":"WebSite","@id":"https:\/\/suapoderado.com\/#website","url":"https:\/\/suapoderado.com\/","name":"Suapoderado","description":"Ferrer &amp; Hern\u00e1ndez Abogados","publisher":{"@id":"https:\/\/suapoderado.com\/#organization"},"potentialAction":[{"@type":"SearchAction","target":{"@type":"EntryPoint","urlTemplate":"https:\/\/suapoderado.com\/?s={search_term_string}"},"query-input":{"@type":"PropertyValueSpecification","valueRequired":true,"valueName":"search_term_string"}}],"inLanguage":"es-CO"},{"@type":"Organization","@id":"https:\/\/suapoderado.com\/#organization","name":"Suapoderado","alternateName":"Ferrer & Hernandez Abogados","url":"https:\/\/suapoderado.com\/","logo":{"@type":"ImageObject","inLanguage":"es-CO","@id":"https:\/\/suapoderado.com\/#\/schema\/logo\/image\/","url":"http:\/\/www.suapoderado.com\/wp-content\/uploads\/2025\/02\/favicon_suapoderado_final_48x48.png","contentUrl":"http:\/\/www.suapoderado.com\/wp-content\/uploads\/2025\/02\/favicon_suapoderado_final_48x48.png","width":48,"height":48,"caption":"Suapoderado"},"image":{"@id":"https:\/\/suapoderado.com\/#\/schema\/logo\/image\/"}}]}},"_links":{"self":[{"href":"https:\/\/suapoderado.com\/index.php\/wp-json\/wp\/v2\/pages\/1234","targetHints":{"allow":["GET"]}}],"collection":[{"href":"https:\/\/suapoderado.com\/index.php\/wp-json\/wp\/v2\/pages"}],"about":[{"href":"https:\/\/suapoderado.com\/index.php\/wp-json\/wp\/v2\/types\/page"}],"author":[{"embeddable":true,"href":"https:\/\/suapoderado.com\/index.php\/wp-json\/wp\/v2\/users\/1"}],"replies":[{"embeddable":true,"href":"https:\/\/suapoderado.com\/index.php\/wp-json\/wp\/v2\/comments?post=1234"}],"version-history":[{"count":6,"href":"https:\/\/suapoderado.com\/index.php\/wp-json\/wp\/v2\/pages\/1234\/revisions"}],"predecessor-version":[{"id":3725,"href":"https:\/\/suapoderado.com\/index.php\/wp-json\/wp\/v2\/pages\/1234\/revisions\/3725"}],"wp:attachment":[{"href":"https:\/\/suapoderado.com\/index.php\/wp-json\/wp\/v2\/media?parent=1234"}],"curies":[{"name":"wp","href":"https:\/\/api.w.org\/{rel}","templated":true}]}}